{"id":12510,"date":"2023-07-12T06:36:01","date_gmt":"2023-07-12T06:36:01","guid":{"rendered":"https:\/\/annecylocation.com\/?post_type=product&#038;p=12510"},"modified":"2025-11-03T05:58:12","modified_gmt":"2025-11-03T05:58:12","slug":"la-villa-mont-baron-veyrier","status":"publish","type":"product","link":"https:\/\/annecylocation.com\/fr\/location\/veyrier-du-lac\/la-villa-mont-baron-veyrier\/","title":{"rendered":"Villa Mont Baron"},"content":{"rendered":"<div id=\"pl-12510\"  class=\"panel-layout\" ><div id=\"pg-12510-0\"  class=\"panel-grid panel-no-style\" ><div id=\"pgc-12510-0-0\"  class=\"panel-grid-cell\" ><div id=\"panel-12510-0-0-0\" class=\"so-panel widget widget_swph-utilities panel-first-child panel-last-child\" data-index=\"0\" ><div\n\t\t\t\n\t\t\tclass=\"so-widget-swph-utilities so-widget-swph-utilities-base\"\n\t\t\t\n\t\t><div class=\"utilities\">\n    <h2 class=\"utilites-title\">Votre location \u00e0 Veyrier du lac, magnifique <br \/> vue sur le lac d\u2019Annecy<\/h2>\n                                        \n                                    <div class=\"row row-eq-height ml-0 mr-0 utilities-row\">\n                            \n                    <div class=\"col-6 col-sm-6 col-md-3 pl-0 pr-0\">\n                        <div class=\"utility\">\n                            <div class=\"utility-icon\"><img loading=\"lazy\" decoding=\"async\" width=\"26\" height=\"26\" src=\"https:\/\/annecylocation.com\/wp-content\/uploads\/2020\/11\/maison.png\" class=\"attachment-full size-full\" alt=\"\" \/><\/div>\n                            <h3>Villa<\/h3>\n                        <\/div>\n                    <\/div>\n    \n                    \n                    \n                            \n                        \n                            \n                    <div class=\"col-6 col-sm-6 col-md-3 pl-0 pr-0\">\n                        <div class=\"utility\">\n                            <div class=\"utility-icon\"><img loading=\"lazy\" decoding=\"async\" width=\"26\" height=\"26\" src=\"https:\/\/annecylocation.com\/wp-content\/uploads\/2020\/11\/pers.png\" class=\"attachment-full size-full\" alt=\"\" \/><\/div>\n                            <h3>8 personnes<\/h3>\n                        <\/div>\n                    <\/div>\n    \n                    \n                    \n                            \n                        \n                            \n                    <div class=\"col-6 col-sm-6 col-md-3 pl-0 pr-0\">\n                        <div class=\"utility\">\n                            <div class=\"utility-icon\"><img loading=\"lazy\" decoding=\"async\" width=\"26\" height=\"26\" src=\"https:\/\/annecylocation.com\/wp-content\/uploads\/2020\/11\/chambre.png\" class=\"attachment-full size-full\" alt=\"allum\u00e9e\" \/><\/div>\n                            <h3>4 chambres<\/h3>\n                        <\/div>\n                    <\/div>\n    \n                    \n                    \n                            \n                        \n                            \n                    <div class=\"col-6 col-sm-6 col-md-3 pl-0 pr-0\">\n                        <div class=\"utility\">\n                            <div class=\"utility-icon\"><img loading=\"lazy\" decoding=\"async\" width=\"26\" height=\"26\" src=\"https:\/\/annecylocation.com\/wp-content\/uploads\/2020\/11\/bath.png\" class=\"attachment-full size-full\" alt=\"\" \/><\/div>\n                            <h3>4 salles de bain<\/h3>\n                        <\/div>\n                    <\/div>\n    \n                    \n                    \n                            \n                        \n                            \n                    <div class=\"col-6 col-sm-6 col-md-3 pl-0 pr-0\">\n                        <div class=\"utility\">\n                            <div class=\"utility-icon\"><img loading=\"lazy\" decoding=\"async\" width=\"26\" height=\"26\" src=\"https:\/\/annecylocation.com\/wp-content\/uploads\/2021\/01\/chambre-1.png\" class=\"attachment-full size-full\" alt=\"\" \/><\/div>\n                            <h3>4 lits doubles <\/h3>\n                        <\/div>\n                    <\/div>\n    \n                    \n                    \n                            \n                    <\/div>\n    \n<\/div>\n<\/div><\/div><\/div><\/div><div id=\"pg-12510-1\"  class=\"panel-grid panel-no-style\" ><div id=\"pgc-12510-1-0\"  class=\"panel-grid-cell\" ><div id=\"panel-12510-1-0-0\" class=\"so-panel widget widget_sow-editor panel-first-child panel-last-child\" data-index=\"1\" ><div\n\t\t\t\n\t\t\tclass=\"so-widget-sow-editor so-widget-sow-editor-base\"\n\t\t\t\n\t\t><h2 class=\"widget-title\">Votre location de villa au Veyrier du lac<\/h2>\n<div class=\"siteorigin-widget-tinymce textwidget\">\n\t<p>La villa des Alpes est un lieu exceptionnelle au coeur du village avec une vue exceptionnelle sur le lac et les montagnes environnantes, sur deux niveaux.<br \/>\nCette ancienne maison enti\u00e8rement r\u00e9nov\u00e9 dispose d'un grand salon \/ s\u00e9jour avec canap\u00e9, un cuisine ouverte sur une salle \u00e0 manger, quatre chambres avec pour chacune d'elle une salle de bain et WC privatif, une buanderie, un balcon et une terrasse \u00e0 l'entr\u00e9e de la villa (escalier ext\u00e9rieur).<\/p>\n<p>Parfait pour les couples ou les petites familles, notre appartement est \u00e0 quelques minutes seulement de toutes les activit\u00e9s nautiques, des sentiers de randonn\u00e9e, du Tennis Club et de plusieurs plages<br \/>\npubliques. De plus, il n'est qu'\u00e0 10 km d'Annecy, \u00e9galement connue sous le nom de Venise des Alpes.<br \/>\nDes v\u00e9los \u00e9lectriques en location sont facilement disponibles autour du lac, avec des itin\u00e9raires cyclables accessibles \u00e0 tous.<\/p>\n<p>Pendant votre s\u00e9jour, nous restons \u00e0 votre disposition et offrons des partenariats exclusifs pour am\u00e9liorer votre exp\u00e9rience. Nous vous fournissons toutes les commodit\u00e9s n\u00e9cessaires, y compris du gel douche, du shampooing, du savon, du papier toilette, des capsules de caf\u00e9 et des pastilles pour lave-vaisselle.<\/p>\n<p>Situ\u00e9 sur les rives du lac d'Annecy et au pied du Mont Veyrier, notre appartement est id\u00e9alement situ\u00e9 avec un acc\u00e8s facile aux magasins et restaurants. Il est entour\u00e9 de sites incontournables tels que l'Abbaye de Talloires, l'Auberge du P\u00e8re Bise, l'Aquarama, le Cottage et bien plus encore. Le Prieur\u00e9 de Talloires, l'\u00c9glise Saint Germain et la cascade d'Angon valent \u00e9galement le d\u00e9tour. Avec des plages surveill\u00e9es pour la baignade et une gamme d'activit\u00e9s telles que le tennis, le golf 18 trous, le mini-golf, le parapente, les sports nautiques, les parcours d'aventure et la randonn\u00e9e, il y en a pour tous les go\u00fbts.<\/p>\n<p>\u00c0 10 minutes \u00e0 pied de la plage et \u00e0 5 minutes de la promenade au bord du lac.<\/p>\n<p>Au RDC :<br \/>\n- Entr\u00e9e villa<br \/>\n- Terrasse<\/p>\n<p>Au 1er \u00e9tage (escalier ext\u00e9rieur) :<br \/>\n- Grand salon<br \/>\n- 1 cuisine ouverte sur la salle \u00e0 manger<br \/>\n- 1 balcon<br \/>\n- 1 buanderie avec machine \u00e0 laver et s\u00e8che linge.<\/p>\n<p>Au 2\u00e8me \u00e9tage :<br \/>\n- 1 chambre avec 1 lit 2 places - 1 salle de bain avec douche attenante \u00e0 la chambre<br \/>\n- 1 chambre avec 1 lit 2 places - 1 salle de bain avec douche attenante \u00e0 la chambre<br \/>\n- 1 chambre avec 1 lit 2 places - 1 salle de bain avec douche attenante \u00e0 la chambre<br \/>\n- 1 WC ind\u00e9pendant<\/p>\n<p>Mezzannine :<br \/>\n- 1 chambre avec 1 lit 2 places - 1 salle de bain avec baignoire ouverte sur la chambre<\/p>\n<p>Vue sur le lac depuis le balcon, le salon, la mezzanine et une des chambres.<\/p>\n<p>Nous vous fournissons pour le d\u00e9part de votre location : gel douche - shampoing - savon - papier WC - capsules caf\u00e9 - th\u00e9 - pastille lave vaisselle.<\/p>\n<p>Villa pouvant accueillir jusqu'\u00e0 8 personnes et offre un confort maximum avec des matelas, des couettes, des housses de couette et des oreillers confortables. La location comprend le linge de lit, les serviettes, le service de nettoyage et d'autres commodit\u00e9s telles qu'une cuisine enti\u00e8rement \u00e9quip\u00e9e, des meubles de salle de bain de qualit\u00e9, chauffage et climatisation r\u00e9versible, le WIFI gratuit, t\u00e9l\u00e9vision, machine \u00e0 laver, s\u00e8che linge, fer et la planche \u00e0 repasser, terrasse, table et chaises d'ext\u00e9rieur.<\/p>\n<p>ELEMENTS DE CONFORT :<\/p>\n<p>* Une cuisine enti\u00e8rement \u00e9quip\u00e9e.<br \/>\n* Salles de bains et toilettes s\u00e9par\u00e9es avec un mobilier de qualit\u00e9.<br \/>\n* Chauffages et climatisation r\u00e9versible..<br \/>\n* Acc\u00e8s Internet par WIFI gratuit.<br \/>\n* T\u00e9l\u00e9vision.<br \/>\n* Machine \u00e0 laver, s\u00e8che linge<br \/>\n* Fer et table \u00e0 repasser, aspirateur.<br \/>\n* Terrasse, table et chaises ext\u00e9rieures.<\/p>\n<p>Les transports en commun sont \u00e9galement facilement accessibles, avec un arr\u00eat de bus \u00e0 seulement 100 m\u00e8tres, offrant un transport direct vers Annecy ainsi que les villages environnants autour du lac.<br \/>\nVous pouvez \u00e9galement prendre le magnifique bateau historique depuis Annecy directement jusqu'au quai de Veyrier \u00e0 5 minutes. Ne manquez pas l'opportunit\u00e9 de d\u00e9couvrir la beaut\u00e9 et le confort de notre appartement pendant votre s\u00e9jour \u00e0 Veyrier-du-Lac. Contactez-nous d\u00e8s aujourd'hui pour r\u00e9server votre escapade inoubliable !<\/p>\n<\/div>\n<\/div><\/div><\/div><\/div><div id=\"pg-12510-2\"  class=\"panel-grid panel-no-style\" ><div id=\"pgc-12510-2-0\"  class=\"panel-grid-cell\" ><div id=\"panel-12510-2-0-0\" class=\"so-panel widget widget_sow-editor panel-first-child panel-last-child\" data-index=\"2\" ><div\n\t\t\t\n\t\t\tclass=\"so-widget-sow-editor so-widget-sow-editor-base\"\n\t\t\t\n\t\t><h2 class=\"widget-title\">Disposition de votre location au Veyrier du lac<\/h2>\n<div class=\"siteorigin-widget-tinymce textwidget\">\n\t<p>Au RDC :<br \/>\n- Entr\u00e9e villa<br \/>\n- Terrasse <\/p>\n<p>Au 1er \u00e9tage (escalier ext\u00e9rieur) :<br \/>\n- Grand salon<br \/>\n- 1 cuisine ouverte sur la salle \u00e0 manger<br \/>\n- 1 balcon<br \/>\n- 1 buanderie avec machine \u00e0 laver et s\u00e8che linge.<\/p>\n<p>Au 2\u00e8me \u00e9tage :<br \/>\n- 1 chambre avec 1 lit 2 places - 1 salle de bain avec douche attenante \u00e0 la chambre<br \/>\n- 1 chambre avec 1 lit 2 places - 1 salle de bain avec douche attenante \u00e0 la chambre<br \/>\n- 1 chambre avec 1 lit 2 places - 1 salle de bain avec douche attenante \u00e0 la chambre<br \/>\n- 1 WC ind\u00e9pendant<\/p>\n<p>Mezzannine :<br \/>\n- 1 chambre avec 1 lit 2 places - 1 salle de bain avec baignoire ouverte sur la chambre<\/p>\n<\/div>\n<\/div><\/div><\/div><\/div><div id=\"pg-12510-3\"  class=\"panel-grid panel-no-style\" ><div id=\"pgc-12510-3-0\"  class=\"panel-grid-cell\" ><div id=\"panel-12510-3-0-0\" class=\"so-panel widget widget_swph-equipments panel-first-child panel-last-child\" data-index=\"3\" ><div\n\t\t\t\n\t\t\tclass=\"so-widget-swph-equipments so-widget-swph-equipments-base\"\n\t\t\t\n\t\t><div class=\"equipments\">\n    <h2 class=\"utilites-title\">Les \u00e9quipements de votre location <br \/> au Veyrier du lac<\/h2>\n            <div class=\"row row-eq-height ml-0 mr-0 equipments-row\">\n                            <div class=\"col-md-12 pl-0 pr-0\">\n                    <div class=\"equipment\">\n                       <div class=\"equipment-list\"><img loading=\"lazy\" decoding=\"async\" width=\"16\" height=\"16\" src=\"https:\/\/annecylocation.com\/wp-content\/uploads\/2020\/12\/check.jpg\" class=\"equipment-icon\" alt=\"\" \/>Acc\u00e8s Internet par WIFI gratuit.<\/div>\n                    <\/div>\n                <\/div>\n                            <div class=\"col-md-12 pl-0 pr-0\">\n                    <div class=\"equipment\">\n                       <div class=\"equipment-list\"><img loading=\"lazy\" decoding=\"async\" width=\"16\" height=\"16\" src=\"https:\/\/annecylocation.com\/wp-content\/uploads\/2020\/12\/check.jpg\" class=\"equipment-icon\" alt=\"\" \/>TV dans salon.<\/div>\n                    <\/div>\n                <\/div>\n                            <div class=\"col-md-12 pl-0 pr-0\">\n                    <div class=\"equipment\">\n                       <div class=\"equipment-list\"><img loading=\"lazy\" decoding=\"async\" width=\"16\" height=\"16\" src=\"https:\/\/annecylocation.com\/wp-content\/uploads\/2020\/12\/check.jpg\" class=\"equipment-icon\" alt=\"\" \/>Machine a laver et \u00e9tendoir, s\u00e8che cheveux.<\/div>\n                    <\/div>\n                <\/div>\n                            <div class=\"col-md-12 pl-0 pr-0\">\n                    <div class=\"equipment\">\n                       <div class=\"equipment-list\"><img loading=\"lazy\" decoding=\"async\" width=\"16\" height=\"16\" src=\"https:\/\/annecylocation.com\/wp-content\/uploads\/2020\/12\/check.jpg\" class=\"equipment-icon\" alt=\"\" \/>Terrasse, 1 table ext\u00e9rieure, 8 places.<\/div>\n                    <\/div>\n                <\/div>\n                            <div class=\"col-md-12 pl-0 pr-0\">\n                    <div class=\"equipment\">\n                       <div class=\"equipment-list\"><img loading=\"lazy\" decoding=\"async\" width=\"16\" height=\"16\" src=\"https:\/\/annecylocation.com\/wp-content\/uploads\/2020\/12\/check.jpg\" class=\"equipment-icon\" alt=\"\" \/>Machine \u00e0 caf\u00e9 capsules Nespresso Krups - bouilloire - grille-pain.<\/div>\n                    <\/div>\n                <\/div>\n                            <div class=\"col-md-12 pl-0 pr-0\">\n                    <div class=\"equipment\">\n                       <div class=\"equipment-list\"><img loading=\"lazy\" decoding=\"async\" width=\"16\" height=\"16\" src=\"https:\/\/annecylocation.com\/wp-content\/uploads\/2020\/12\/check.jpg\" class=\"equipment-icon\" alt=\"\" \/>Four - micro onde- lave vaisselle - frigo\/cong\u00e9lateur.<\/div>\n                    <\/div>\n                <\/div>\n                    <\/div>\n    \n<\/div><\/div><\/div><\/div><\/div><div id=\"pg-12510-4\"  class=\"panel-grid panel-no-style\" ><div id=\"pgc-12510-4-0\"  class=\"panel-grid-cell\" ><div id=\"panel-12510-4-0-0\" class=\"so-panel widget widget_swph-product-services panel-first-child panel-last-child\" data-index=\"4\" ><div\n\t\t\t\n\t\t\tclass=\"so-widget-swph-product-services so-widget-swph-product-services-base\"\n\t\t\t\n\t\t><div class=\"product-services\">\n    \n    <h2 class=\"widget-title\"> Nos services de conciergerie \u00e0 <br \/> Annecy <\/h2>\n    <p class=\"widget-subtitle\">En tant que Conciergerie, haut de gamme, nous proposons \u00e0 notre client\u00e8le propri\u00e9taires et locataire des services annexes et sur mesure \u00e0 proximit\u00e9 d'Annecy :<\/p>\n\n        \n                \n                    \n                                    <div class=\"row row-eq-height ml-0 mr-0 product-services-row\">\n                        \n                    <div class=\"col-6 col-sm-4 col-md-4 pl-0 pr-0\">\n                        <div class=\"product-service\">\n                            <div class=\"product-service-icon\"><img loading=\"lazy\" decoding=\"async\" width=\"26\" height=\"26\" src=\"https:\/\/annecylocation.com\/wp-content\/uploads\/2020\/11\/blanchisserie.png\" class=\"attachment-full size-full\" alt=\"\" \/><\/div>\n                            <h3>Service de blanchisserie  &amp; pressing<\/h3>\n                        <\/div>\n                    <\/div>\n        \n                                \n                                \n                        \n                    \n                        \n                    <div class=\"col-6 col-sm-4 col-md-4 pl-0 pr-0\">\n                        <div class=\"product-service\">\n                            <div class=\"product-service-icon\"><img loading=\"lazy\" decoding=\"async\" width=\"26\" height=\"26\" src=\"https:\/\/annecylocation.com\/wp-content\/uploads\/2020\/11\/check-in.png\" class=\"attachment-full size-full\" alt=\"\" \/><\/div>\n                            <h3>Check in &amp; check out<\/h3>\n                        <\/div>\n                    <\/div>\n        \n                                \n                                \n                        \n                    \n                        \n                    <div class=\"col-6 col-sm-4 col-md-4 pl-0 pr-0\">\n                        <div class=\"product-service\">\n                            <div class=\"product-service-icon\"><img loading=\"lazy\" decoding=\"async\" width=\"26\" height=\"26\" src=\"https:\/\/annecylocation.com\/wp-content\/uploads\/2020\/11\/menage.png\" class=\"attachment-full size-full\" alt=\"\" \/><\/div>\n                            <h3>M\u00e9nage<\/h3>\n                        <\/div>\n                    <\/div>\n        \n                                    <!--<\/div><div class=\"row row-eq-height ml-0 mr-0 product-services-row\">-->\n                                \n                                \n                        \n                    \n                        \n                    <div class=\"col-6 col-sm-4 col-md-4 pl-0 pr-0\">\n                        <div class=\"product-service\">\n                            <div class=\"product-service-icon\"><img loading=\"lazy\" decoding=\"async\" width=\"26\" height=\"26\" src=\"https:\/\/annecylocation.com\/wp-content\/uploads\/2020\/11\/time.png\" class=\"attachment-full size-full\" alt=\"\" \/><\/div>\n                            <h3>Accueil des locataires. Le propri\u00e9taire gagne du temps<\/h3>\n                        <\/div>\n                    <\/div>\n        \n                                \n                                \n                        \n                    \n                        \n                    <div class=\"col-6 col-sm-4 col-md-4 pl-0 pr-0\">\n                        <div class=\"product-service\">\n                            <div class=\"product-service-icon\"><img loading=\"lazy\" decoding=\"async\" width=\"26\" height=\"26\" src=\"https:\/\/annecylocation.com\/wp-content\/uploads\/2020\/11\/breakfasy.png\" class=\"attachment-full size-full\" alt=\"\" \/><\/div>\n                            <h3>Livraison du petit d\u00e9jeuner &amp; brunch \u00e0 domicile<\/h3>\n                        <\/div>\n                    <\/div>\n        \n                                \n                                \n                        \n                    \n                        \n                    <div class=\"col-6 col-sm-4 col-md-4 pl-0 pr-0\">\n                        <div class=\"product-service\">\n                            <div class=\"product-service-icon\"><img loading=\"lazy\" decoding=\"async\" width=\"26\" height=\"26\" src=\"https:\/\/annecylocation.com\/wp-content\/uploads\/2020\/11\/excursions.png\" class=\"attachment-full size-full\" alt=\"\" \/><\/div>\n                            <h3>Excursions et aventure<\/h3>\n                        <\/div>\n                    <\/div>\n        \n                                    <!--<\/div><div class=\"row row-eq-height ml-0 mr-0 product-services-row\">-->\n                                \n                                \n                        \n                    \n                        \n                    <div class=\"col-6 col-sm-4 col-md-4 pl-0 pr-0\">\n                        <div class=\"product-service\">\n                            <div class=\"product-service-icon\"><img loading=\"lazy\" decoding=\"async\" width=\"26\" height=\"26\" src=\"https:\/\/annecylocation.com\/wp-content\/uploads\/2020\/11\/bike.png\" class=\"attachment-full size-full\" alt=\"\" \/><\/div>\n                            <h3>Location de v\u00e9los et Ebikes<\/h3>\n                        <\/div>\n                    <\/div>\n        \n                                \n                                \n                        \n                    \n                        \n                    <div class=\"col-6 col-sm-4 col-md-4 pl-0 pr-0\">\n                        <div class=\"product-service\">\n                            <div class=\"product-service-icon\"><img loading=\"lazy\" decoding=\"async\" width=\"26\" height=\"26\" src=\"https:\/\/annecylocation.com\/wp-content\/uploads\/2020\/11\/coach.png\" class=\"attachment-full size-full\" alt=\"\" \/><\/div>\n                            <h3>Coach sportif<\/h3>\n                        <\/div>\n                    <\/div>\n        \n                                \n                                \n                        \n                    \n                        \n                    <div class=\"col-6 col-sm-4 col-md-4 pl-0 pr-0\">\n                        <div class=\"product-service\">\n                            <div class=\"product-service-icon\"><img loading=\"lazy\" decoding=\"async\" width=\"26\" height=\"26\" src=\"https:\/\/annecylocation.com\/wp-content\/uploads\/2020\/11\/car.png\" class=\"attachment-full size-full\" alt=\"\" \/><\/div>\n                            <h3>Chauffeur priv\u00e9<\/h3>\n                        <\/div>\n                    <\/div>\n        \n                                \n                                    <\/div>\n                                \n                        \n                \n    \n<\/div><\/div><\/div><\/div><\/div><div id=\"pg-12510-5\"  class=\"panel-grid panel-no-style\" ><div id=\"pgc-12510-5-0\"  class=\"panel-grid-cell\" ><div\n\t\t\t\n\t\t\tclass=\"so-widget-swph-map so-widget-swph-map-base\"\n\t\t\t\n\t\t>                                                                                                                            <!-- <h2 class=\"widget-title\">O\u00f9 se trouve votre location<\/h2>\n -->\n<div class=\"map\" >\n    <h2 class=\"widget-title\">O\u00f9 se trouve votre location<\/h2>\n    <div class=\"map-container\" id=\"map\"><\/div>\n    <script async defer src=\"https:\/\/maps.googleapis.com\/maps\/api\/js?key=AIzaSyDqjatiOyC746ihXxbvOpQOpYVH_jWjvhY&callback=initMap&libraries=&v=beta&map_ids=617ec2058dce724c\"><\/script>\n    <!--<script async defer src=\"--><!--\/sandbox\/greg\/brc\/wp-content\/themes\/brc\/assets\/js\/richmarker.js\"><\/script>-->\n    \n    \n    <script>\n        \/\/ jQuery(document).ready(function () {\n            let map;\n\n            function initMap() {\n                map = new google.maps.Map(document.getElementById(\"map\"), {\n                    center: { lat: 45.8822107, lng: 6.1784435 },\n                    mapId: \"617ec2058dce724c\",\n                    zoom:12,\n                });\n\n                \/\/main marker\n                new google.maps.Marker({\n                    position: { lat: 45.8822107, lng: 6.1784435 },\n                    map,\n                    \/\/ title: \"1\",\n                    icon:'https:\/\/www.annecylocation.com\/wp-content\/themes\/brc\/assets\/images\/main-marker.png',\n                    \/\/ label: {\n                    \/\/     text: \"1\",\n                    \/\/     color: \"#ffffff\",\n                    \/\/     fontSize: \"8px\",\n                    \/\/     fontWeight: \"bold\"\n                    \/\/ }\n                });\n    \n                                                                                                                                                                                                                                                                                                                                                \n            }\n\n        \n        \/\/ });\n        \n    <\/script>\n\n<\/div><\/div><\/div><\/div><div id=\"pg-12510-6\"  class=\"panel-grid panel-no-style\" ><div id=\"pgc-12510-6-0\"  class=\"panel-grid-cell\" ><div id=\"panel-12510-6-0-0\" class=\"so-panel widget widget_swph-activities panel-first-child panel-last-child\" data-index=\"6\" ><div\n\t\t\t\n\t\t\tclass=\"so-widget-swph-activities so-widget-swph-activities-base\"\n\t\t\t\n\t\t><div class=\"activities\">\n    <h2 class=\"widget-title\">Activit\u00e9s \u00e0 proximit\u00e9<\/h2>\n            <div class=\"row row-eq-height ml-0 mr-0 activities-row\">\n                            <div class=\"col-xs-6 col-md-6 pl-0 pr-0\">\n                    <div class=\"activity\">\n                        <div class=\"activity-flex\">\n                            <div class=\"activity-icon\"><img loading=\"lazy\" decoding=\"async\" width=\"59\" height=\"54\" src=\"https:\/\/annecylocation.com\/wp-content\/uploads\/2020\/11\/wakesurf.jpg\" class=\"activity-image\" alt=\"\" \/><\/div>\n                            <h3>Wakesurf<\/h3>\n                        <\/div>\n                    <\/div>\n                <\/div>\n                            <div class=\"col-xs-6 col-md-6 pl-0 pr-0\">\n                    <div class=\"activity\">\n                        <div class=\"activity-flex\">\n                            <div class=\"activity-icon\"><img loading=\"lazy\" decoding=\"async\" width=\"59\" height=\"54\" src=\"https:\/\/annecylocation.com\/wp-content\/uploads\/2020\/11\/parapante.jpg\" class=\"activity-image\" alt=\"\" \/><\/div>\n                            <h3>Parapente<\/h3>\n                        <\/div>\n                    <\/div>\n                <\/div>\n                            <div class=\"col-xs-6 col-md-6 pl-0 pr-0\">\n                    <div class=\"activity\">\n                        <div class=\"activity-flex\">\n                            <div class=\"activity-icon\"><img loading=\"lazy\" decoding=\"async\" width=\"59\" height=\"54\" src=\"https:\/\/annecylocation.com\/wp-content\/uploads\/2020\/11\/golf.jpg\" class=\"activity-image\" alt=\"\" \/><\/div>\n                            <h3>Golf<\/h3>\n                        <\/div>\n                    <\/div>\n                <\/div>\n                            <div class=\"col-xs-6 col-md-6 pl-0 pr-0\">\n                    <div class=\"activity\">\n                        <div class=\"activity-flex\">\n                            <div class=\"activity-icon\"><img loading=\"lazy\" decoding=\"async\" width=\"59\" height=\"54\" src=\"https:\/\/annecylocation.com\/wp-content\/uploads\/2020\/11\/accro-branche.jpg\" class=\"activity-image\" alt=\"\" \/><\/div>\n                            <h3>Accro branche<\/h3>\n                        <\/div>\n                    <\/div>\n                <\/div>\n                            <div class=\"col-xs-6 col-md-6 pl-0 pr-0\">\n                    <div class=\"activity\">\n                        <div class=\"activity-flex\">\n                            <div class=\"activity-icon\"><img loading=\"lazy\" decoding=\"async\" width=\"59\" height=\"54\" src=\"https:\/\/annecylocation.com\/wp-content\/uploads\/2020\/11\/tennis.jpg\" class=\"activity-image\" alt=\"\" \/><\/div>\n                            <h3>Tennis<\/h3>\n                        <\/div>\n                    <\/div>\n                <\/div>\n                            <div class=\"col-xs-6 col-md-6 pl-0 pr-0\">\n                    <div class=\"activity\">\n                        <div class=\"activity-flex\">\n                            <div class=\"activity-icon\"><img loading=\"lazy\" decoding=\"async\" width=\"59\" height=\"54\" src=\"https:\/\/annecylocation.com\/wp-content\/uploads\/2020\/11\/parapante.jpg\" class=\"activity-image\" alt=\"\" \/><\/div>\n                            <h3>Parapente<\/h3>\n                        <\/div>\n                    <\/div>\n                <\/div>\n                    <\/div>\n    \n<\/div><\/div><\/div><\/div><\/div><\/div>","protected":false},"excerpt":{"rendered":"<p>La villa des Alpes est un lieu exceptionnelle au coeur du village avec une vue exceptionnelle sur le lac et les montagnes environnantes, sur deux niveaux. Cette ancienne maison enti\u00e8rement r\u00e9nov\u00e9 dispose d&#8217;un grand salon \/ s\u00e9jour avec canap\u00e9, un cuisine ouverte sur une salle \u00e0 manger, quatre chambres avec pour chacune d&#8217;elle une salle [&hellip;]<\/p>\n","protected":false},"featured_media":14028,"template":"","meta":[],"product_brand":[],"product_cat":[20],"product_tag":[],"class_list":{"0":"post-12510","1":"product","2":"type-product","3":"status-publish","4":"has-post-thumbnail","6":"product_cat-veyrier-du-lac","8":"first","9":"instock","10":"virtual","11":"product-type-simple"},"yoast_head":"<!-- This site is optimized with the Yoast SEO plugin v26.2 - https:\/\/yoast.com\/wordpress\/plugins\/seo\/ -->\n<title>Location Villa - Mont Baron \u00e0 Veyrier-du-Lac - Haute Savoie<\/title>\n<meta name=\"description\" content=\"Optez pour une location de vacances exceptionnelle avec vue sur le lac bleu d&#039;Annecy. Notre location de villa est id\u00e9ale pour se d\u00e9tendre.\" \/>\n<meta name=\"robots\" content=\"index, follow, max-snippet:-1, max-image-preview:large, max-video-preview:-1\" \/>\n<link rel=\"canonical\" href=\"https:\/\/annecylocation.com\/fr\/location\/veyrier-du-lac\/la-villa-mont-baron-veyrier\/\" \/>\n<meta property=\"og:locale\" content=\"fr_FR\" \/>\n<meta property=\"og:type\" content=\"article\" \/>\n<meta property=\"og:title\" content=\"Location Villa - Mont Baron \u00e0 Veyrier-du-Lac - Haute Savoie\" \/>\n<meta property=\"og:description\" content=\"Optez pour une location de vacances exceptionnelle avec vue sur le lac bleu d&#039;Annecy. Notre location de villa est id\u00e9ale pour se d\u00e9tendre.\" \/>\n<meta property=\"og:url\" content=\"https:\/\/annecylocation.com\/fr\/location\/veyrier-du-lac\/la-villa-mont-baron-veyrier\/\" \/>\n<meta property=\"og:site_name\" content=\"AnnecyLocation\" \/>\n<meta property=\"article:modified_time\" content=\"2025-11-03T05:58:12+00:00\" \/>\n<meta property=\"og:image\" content=\"https:\/\/annecylocation.com\/wp-content\/uploads\/2021\/04\/Villa-Mont-Baron-copie-scaled.jpg\" \/>\n\t<meta property=\"og:image:width\" content=\"2560\" \/>\n\t<meta property=\"og:image:height\" content=\"1721\" \/>\n\t<meta property=\"og:image:type\" content=\"image\/jpeg\" \/>\n<meta name=\"twitter:card\" content=\"summary_large_image\" \/>\n<meta name=\"twitter:label1\" content=\"Dur\u00e9e de lecture estim\u00e9e\" \/>\n\t<meta name=\"twitter:data1\" content=\"4 minutes\" \/>\n<script type=\"application\/ld+json\" class=\"yoast-schema-graph\">{\"@context\":\"https:\/\/schema.org\",\"@graph\":[{\"@type\":\"WebPage\",\"@id\":\"https:\/\/annecylocation.com\/fr\/location\/veyrier-du-lac\/la-villa-mont-baron-veyrier\/\",\"url\":\"https:\/\/annecylocation.com\/fr\/location\/veyrier-du-lac\/la-villa-mont-baron-veyrier\/\",\"name\":\"Location Villa - Mont Baron \u00e0 Veyrier-du-Lac - Haute Savoie\",\"isPartOf\":{\"@id\":\"https:\/\/annecylocation.com\/#website\"},\"primaryImageOfPage\":{\"@id\":\"https:\/\/annecylocation.com\/fr\/location\/veyrier-du-lac\/la-villa-mont-baron-veyrier\/#primaryimage\"},\"image\":{\"@id\":\"https:\/\/annecylocation.com\/fr\/location\/veyrier-du-lac\/la-villa-mont-baron-veyrier\/#primaryimage\"},\"thumbnailUrl\":\"https:\/\/annecylocation.com\/wp-content\/uploads\/2021\/04\/Villa-Mont-Baron-copie-scaled.jpg\",\"datePublished\":\"2023-07-12T06:36:01+00:00\",\"dateModified\":\"2025-11-03T05:58:12+00:00\",\"description\":\"Optez pour une location de vacances exceptionnelle avec vue sur le lac bleu d'Annecy. Notre location de villa est id\u00e9ale pour se d\u00e9tendre.\",\"breadcrumb\":{\"@id\":\"https:\/\/annecylocation.com\/fr\/location\/veyrier-du-lac\/la-villa-mont-baron-veyrier\/#breadcrumb\"},\"inLanguage\":\"fr-FR\",\"potentialAction\":[{\"@type\":\"ReadAction\",\"target\":[\"https:\/\/annecylocation.com\/fr\/location\/veyrier-du-lac\/la-villa-mont-baron-veyrier\/\"]}]},{\"@type\":\"ImageObject\",\"inLanguage\":\"fr-FR\",\"@id\":\"https:\/\/annecylocation.com\/fr\/location\/veyrier-du-lac\/la-villa-mont-baron-veyrier\/#primaryimage\",\"url\":\"https:\/\/annecylocation.com\/wp-content\/uploads\/2021\/04\/Villa-Mont-Baron-copie-scaled.jpg\",\"contentUrl\":\"https:\/\/annecylocation.com\/wp-content\/uploads\/2021\/04\/Villa-Mont-Baron-copie-scaled.jpg\",\"width\":2560,\"height\":1721},{\"@type\":\"BreadcrumbList\",\"@id\":\"https:\/\/annecylocation.com\/fr\/location\/veyrier-du-lac\/la-villa-mont-baron-veyrier\/#breadcrumb\",\"itemListElement\":[{\"@type\":\"ListItem\",\"position\":1,\"name\":\"Home\",\"item\":\"https:\/\/annecylocation.com\/fr\/\"},{\"@type\":\"ListItem\",\"position\":2,\"name\":\"Location\",\"item\":\"https:\/\/annecylocation.com\/fr\/location\/\"},{\"@type\":\"ListItem\",\"position\":3,\"name\":\"Villa Mont Baron\"}]},{\"@type\":\"WebSite\",\"@id\":\"https:\/\/annecylocation.com\/#website\",\"url\":\"https:\/\/annecylocation.com\/\",\"name\":\"AnnecyLocation\",\"description\":\"Location airbnb et conciergerie \u00e0 Annecy\",\"publisher\":{\"@id\":\"https:\/\/annecylocation.com\/#organization\"},\"potentialAction\":[{\"@type\":\"SearchAction\",\"target\":{\"@type\":\"EntryPoint\",\"urlTemplate\":\"https:\/\/annecylocation.com\/?s={search_term_string}\"},\"query-input\":{\"@type\":\"PropertyValueSpecification\",\"valueRequired\":true,\"valueName\":\"search_term_string\"}}],\"inLanguage\":\"fr-FR\"},{\"@type\":\"Organization\",\"@id\":\"https:\/\/annecylocation.com\/#organization\",\"name\":\"AnnecyLocation\",\"url\":\"https:\/\/annecylocation.com\/\",\"logo\":{\"@type\":\"ImageObject\",\"inLanguage\":\"fr-FR\",\"@id\":\"https:\/\/annecylocation.com\/#\/schema\/logo\/image\/\",\"url\":\"https:\/\/annecylocation.com\/wp-content\/uploads\/2021\/06\/cropped-big-logo-annecylocation-large.png\",\"contentUrl\":\"https:\/\/annecylocation.com\/wp-content\/uploads\/2021\/06\/cropped-big-logo-annecylocation-large.png\",\"width\":512,\"height\":512,\"caption\":\"AnnecyLocation\"},\"image\":{\"@id\":\"https:\/\/annecylocation.com\/#\/schema\/logo\/image\/\"}}]}<\/script>\n<!-- \/ Yoast SEO plugin. -->","yoast_head_json":{"title":"Location Villa - Mont Baron \u00e0 Veyrier-du-Lac - Haute Savoie","description":"Optez pour une location de vacances exceptionnelle avec vue sur le lac bleu d'Annecy. Notre location de villa est id\u00e9ale pour se d\u00e9tendre.","robots":{"index":"index","follow":"follow","max-snippet":"max-snippet:-1","max-image-preview":"max-image-preview:large","max-video-preview":"max-video-preview:-1"},"canonical":"https:\/\/annecylocation.com\/fr\/location\/veyrier-du-lac\/la-villa-mont-baron-veyrier\/","og_locale":"fr_FR","og_type":"article","og_title":"Location Villa - Mont Baron \u00e0 Veyrier-du-Lac - Haute Savoie","og_description":"Optez pour une location de vacances exceptionnelle avec vue sur le lac bleu d'Annecy. Notre location de villa est id\u00e9ale pour se d\u00e9tendre.","og_url":"https:\/\/annecylocation.com\/fr\/location\/veyrier-du-lac\/la-villa-mont-baron-veyrier\/","og_site_name":"AnnecyLocation","article_modified_time":"2025-11-03T05:58:12+00:00","og_image":[{"width":2560,"height":1721,"url":"https:\/\/annecylocation.com\/wp-content\/uploads\/2021\/04\/Villa-Mont-Baron-copie-scaled.jpg","type":"image\/jpeg"}],"twitter_card":"summary_large_image","twitter_misc":{"Dur\u00e9e de lecture estim\u00e9e":"4 minutes"},"schema":{"@context":"https:\/\/schema.org","@graph":[{"@type":"WebPage","@id":"https:\/\/annecylocation.com\/fr\/location\/veyrier-du-lac\/la-villa-mont-baron-veyrier\/","url":"https:\/\/annecylocation.com\/fr\/location\/veyrier-du-lac\/la-villa-mont-baron-veyrier\/","name":"Location Villa - Mont Baron \u00e0 Veyrier-du-Lac - Haute Savoie","isPartOf":{"@id":"https:\/\/annecylocation.com\/#website"},"primaryImageOfPage":{"@id":"https:\/\/annecylocation.com\/fr\/location\/veyrier-du-lac\/la-villa-mont-baron-veyrier\/#primaryimage"},"image":{"@id":"https:\/\/annecylocation.com\/fr\/location\/veyrier-du-lac\/la-villa-mont-baron-veyrier\/#primaryimage"},"thumbnailUrl":"https:\/\/annecylocation.com\/wp-content\/uploads\/2021\/04\/Villa-Mont-Baron-copie-scaled.jpg","datePublished":"2023-07-12T06:36:01+00:00","dateModified":"2025-11-03T05:58:12+00:00","description":"Optez pour une location de vacances exceptionnelle avec vue sur le lac bleu d'Annecy. Notre location de villa est id\u00e9ale pour se d\u00e9tendre.","breadcrumb":{"@id":"https:\/\/annecylocation.com\/fr\/location\/veyrier-du-lac\/la-villa-mont-baron-veyrier\/#breadcrumb"},"inLanguage":"fr-FR","potentialAction":[{"@type":"ReadAction","target":["https:\/\/annecylocation.com\/fr\/location\/veyrier-du-lac\/la-villa-mont-baron-veyrier\/"]}]},{"@type":"ImageObject","inLanguage":"fr-FR","@id":"https:\/\/annecylocation.com\/fr\/location\/veyrier-du-lac\/la-villa-mont-baron-veyrier\/#primaryimage","url":"https:\/\/annecylocation.com\/wp-content\/uploads\/2021\/04\/Villa-Mont-Baron-copie-scaled.jpg","contentUrl":"https:\/\/annecylocation.com\/wp-content\/uploads\/2021\/04\/Villa-Mont-Baron-copie-scaled.jpg","width":2560,"height":1721},{"@type":"BreadcrumbList","@id":"https:\/\/annecylocation.com\/fr\/location\/veyrier-du-lac\/la-villa-mont-baron-veyrier\/#breadcrumb","itemListElement":[{"@type":"ListItem","position":1,"name":"Home","item":"https:\/\/annecylocation.com\/fr\/"},{"@type":"ListItem","position":2,"name":"Location","item":"https:\/\/annecylocation.com\/fr\/location\/"},{"@type":"ListItem","position":3,"name":"Villa Mont Baron"}]},{"@type":"WebSite","@id":"https:\/\/annecylocation.com\/#website","url":"https:\/\/annecylocation.com\/","name":"AnnecyLocation","description":"Location airbnb et conciergerie \u00e0 Annecy","publisher":{"@id":"https:\/\/annecylocation.com\/#organization"},"potentialAction":[{"@type":"SearchAction","target":{"@type":"EntryPoint","urlTemplate":"https:\/\/annecylocation.com\/?s={search_term_string}"},"query-input":{"@type":"PropertyValueSpecification","valueRequired":true,"valueName":"search_term_string"}}],"inLanguage":"fr-FR"},{"@type":"Organization","@id":"https:\/\/annecylocation.com\/#organization","name":"AnnecyLocation","url":"https:\/\/annecylocation.com\/","logo":{"@type":"ImageObject","inLanguage":"fr-FR","@id":"https:\/\/annecylocation.com\/#\/schema\/logo\/image\/","url":"https:\/\/annecylocation.com\/wp-content\/uploads\/2021\/06\/cropped-big-logo-annecylocation-large.png","contentUrl":"https:\/\/annecylocation.com\/wp-content\/uploads\/2021\/06\/cropped-big-logo-annecylocation-large.png","width":512,"height":512,"caption":"AnnecyLocation"},"image":{"@id":"https:\/\/annecylocation.com\/#\/schema\/logo\/image\/"}}]}},"_links":{"self":[{"href":"https:\/\/annecylocation.com\/fr\/wp-json\/wp\/v2\/product\/12510","targetHints":{"allow":["GET"]}}],"collection":[{"href":"https:\/\/annecylocation.com\/fr\/wp-json\/wp\/v2\/product"}],"about":[{"href":"https:\/\/annecylocation.com\/fr\/wp-json\/wp\/v2\/types\/product"}],"wp:featuredmedia":[{"embeddable":true,"href":"https:\/\/annecylocation.com\/fr\/wp-json\/wp\/v2\/media\/14028"}],"wp:attachment":[{"href":"https:\/\/annecylocation.com\/fr\/wp-json\/wp\/v2\/media?parent=12510"}],"wp:term":[{"taxonomy":"product_brand","embeddable":true,"href":"https:\/\/annecylocation.com\/fr\/wp-json\/wp\/v2\/product_brand?post=12510"},{"taxonomy":"product_cat","embeddable":true,"href":"https:\/\/annecylocation.com\/fr\/wp-json\/wp\/v2\/product_cat?post=12510"},{"taxonomy":"product_tag","embeddable":true,"href":"https:\/\/annecylocation.com\/fr\/wp-json\/wp\/v2\/product_tag?post=12510"}],"curies":[{"name":"wp","href":"https:\/\/api.w.org\/{rel}","templated":true}]}}