{"id":21703,"date":"2026-01-08T12:50:44","date_gmt":"2026-01-08T12:50:44","guid":{"rendered":"https:\/\/annecylocation.com\/?post_type=product&#038;p=21703"},"modified":"2026-01-12T14:30:29","modified_gmt":"2026-01-12T14:30:29","slug":"reflets-du-lac-t3-vue-lac-a-menthon-st-bernard","status":"publish","type":"product","link":"https:\/\/annecylocation.com\/fr\/location\/menthon-saint-bernard\/reflets-du-lac-t3-vue-lac-a-menthon-st-bernard\/","title":{"rendered":"Reflets du lac &#8211; T3 Vue Lac \u00e0 Menthon-St-Bernard"},"content":{"rendered":"<div id=\"pl-21703\" class=\"panel-layout\">\n<div id=\"pg-21703-0\" class=\"panel-grid panel-no-style\" data-style=\"{&quot;background_image_attachment&quot;:false,&quot;background_display&quot;:&quot;tile&quot;,&quot;full_height&quot;:&quot;&quot;,&quot;bottom_margin&quot;:&quot;40px&quot;,&quot;cell_alignment&quot;:&quot;flex-start&quot;}\">\n<div id=\"pgc-21703-0-0\" class=\"panel-grid-cell\" data-style=\"{&quot;background_image_attachment&quot;:false,&quot;background_display&quot;:&quot;tile&quot;,&quot;vertical_alignment&quot;:&quot;auto&quot;}\" data-weight=\"1\">\n<div id=\"panel-21703-0-0-0\" class=\"so-panel widget widget_swph-utilities panel-first-child panel-last-child\" data-index=\"0\" data-style=\"{&quot;background_image_attachment&quot;:false,&quot;background_display&quot;:&quot;tile&quot;,&quot;background_image_size&quot;:&quot;full&quot;,&quot;background_image_opacity&quot;:&quot;100&quot;,&quot;border_thickness&quot;:&quot;1px&quot;}\"><div\n\t\t\t\n\t\t\tclass=\"so-widget-swph-utilities so-widget-swph-utilities-base\"\n\t\t\t\n\t\t><div class=\"utilities\">\n    <h2 class=\"utilites-title\">Votre location proche du centre du village de Menthon-Saint-Bernard<\/h2>\n                                        \n                                    <div class=\"row row-eq-height ml-0 mr-0 utilities-row\">\n                            \n                    <div class=\"col-6 col-sm-6 col-md-3 pl-0 pr-0\">\n                        <div class=\"utility\">\n                            <div class=\"utility-icon\"><img loading=\"lazy\" decoding=\"async\" width=\"26\" height=\"26\" src=\"https:\/\/annecylocation.com\/wp-content\/uploads\/2020\/11\/maison.png\" class=\"attachment-full size-full\" alt=\"\" \/><\/div>\n                            <h3>Appartement<\/h3>\n                        <\/div>\n                    <\/div>\n    \n                    \n                    \n                            \n                        \n                            \n                    <div class=\"col-6 col-sm-6 col-md-3 pl-0 pr-0\">\n                        <div class=\"utility\">\n                            <div class=\"utility-icon\"><img loading=\"lazy\" decoding=\"async\" width=\"26\" height=\"26\" src=\"https:\/\/annecylocation.com\/wp-content\/uploads\/2020\/11\/pers.png\" class=\"attachment-full size-full\" alt=\"\" \/><\/div>\n                            <h3>4 personnes<\/h3>\n                        <\/div>\n                    <\/div>\n    \n                    \n                    \n                            \n                        \n                            \n                    <div class=\"col-6 col-sm-6 col-md-3 pl-0 pr-0\">\n                        <div class=\"utility\">\n                            <div class=\"utility-icon\"><img loading=\"lazy\" decoding=\"async\" width=\"26\" height=\"26\" src=\"https:\/\/annecylocation.com\/wp-content\/uploads\/2020\/11\/chambre.png\" class=\"attachment-full size-full\" alt=\"allum\u00e9e\" \/><\/div>\n                            <h3>2 chambre<\/h3>\n                        <\/div>\n                    <\/div>\n    \n                    \n                    \n                            \n                        \n                            \n                    <div class=\"col-6 col-sm-6 col-md-3 pl-0 pr-0\">\n                        <div class=\"utility\">\n                            <div class=\"utility-icon\"><img loading=\"lazy\" decoding=\"async\" width=\"26\" height=\"26\" src=\"https:\/\/annecylocation.com\/wp-content\/uploads\/2020\/11\/bath.png\" class=\"attachment-full size-full\" alt=\"\" \/><\/div>\n                            <h3>1 salle de bain<\/h3>\n                        <\/div>\n                    <\/div>\n    \n                    \n                    \n                            \n                        \n                            \n                    <div class=\"col-6 col-sm-6 col-md-3 pl-0 pr-0\">\n                        <div class=\"utility\">\n                            <div class=\"utility-icon\"><img loading=\"lazy\" decoding=\"async\" width=\"26\" height=\"26\" src=\"https:\/\/annecylocation.com\/wp-content\/uploads\/2021\/01\/chambre.png\" class=\"attachment-full size-full\" alt=\"\" \/><\/div>\n                            <h3>1 lit double - 2 lits simples<\/h3>\n                        <\/div>\n                    <\/div>\n    \n                    \n                    \n                            \n                    <\/div>\n    \n<\/div>\n<\/div><\/div>\n<\/div>\n<\/div>\n<div id=\"pg-21703-1\" class=\"panel-grid panel-no-style\" data-style=\"{&quot;background_image_attachment&quot;:false,&quot;background_display&quot;:&quot;tile&quot;,&quot;full_height&quot;:&quot;&quot;,&quot;bottom_margin&quot;:&quot;100px&quot;,&quot;cell_alignment&quot;:&quot;flex-start&quot;}\">\n<div id=\"pgc-21703-1-0\" class=\"panel-grid-cell\" data-weight=\"1\">\n<div id=\"panel-21703-1-0-0\" class=\"so-panel widget widget_sow-editor panel-first-child panel-last-child\" data-index=\"1\" data-style=\"{&quot;background_image_attachment&quot;:false,&quot;background_display&quot;:&quot;tile&quot;,&quot;background_image_size&quot;:&quot;full&quot;,&quot;background_image_opacity&quot;:&quot;100&quot;,&quot;border_thickness&quot;:&quot;1px&quot;}\">\n<div class=\"so-widget-sow-editor so-widget-sow-editor-base\">\n<h2 class=\"widget-title\">Votre location d&#8217;appartement proche du centre du village \u00e0 Menthon Saint Bernard<\/h2>\n<div class=\"siteorigin-widget-tinymce textwidget\">\n<div class=\"siteorigin-widget-tinymce textwidget\">\n<div class=\"siteorigin-widget-tinymce textwidget\">\n<div class=\"siteorigin-widget-tinymce textwidget\">\n<div class=\"siteorigin-widget-tinymce textwidget\">\n<div class=\"siteorigin-widget-tinymce textwidget\">\n<div class=\"siteorigin-widget-tinymce textwidget\">\n<div class=\"siteorigin-widget-tinymce textwidget\">\n<div class=\"siteorigin-widget-tinymce textwidget\">\n<p>&#x1f30a; Reflets du Lac \u2013 T3 avec vue lac et montagnes \u00e0 Menthon-Saint-Bernard<br \/>\nBienvenue aux Moulins, au hameau historique a Menthon-st-Bernard<\/p>\n<p>Nous offrons un appartement T3 spacieux et lumineux, situ\u00e9 au 1er \u00e9tage d\u2019une petite copropri\u00e9t\u00e9 intimiste .<\/p>\n<p>Ici, chaque moment est rythm\u00e9 par la lumi\u00e8re, le calme et les reflets changeants du lac d\u2019Annecy, visibles d\u00e8s les pi\u00e8ces de vie. Un lieu id\u00e9al pour se ressourcer, entre nature, village et panorama d\u2019exception &#x2728;<\/p>\n<\/div>\n<p>&#x1f4cd; Un emplacement privil\u00e9gi\u00e9 entre les montagnes et le lac<\/p>\n<p>&#x2714;&#xfe0f; Commerces, boulangerie et restaurants accessibles \u00e0 pied<br \/>\n&#x2714;&#xfe0f; Plages et rives du lac \u00e0 quelques minutes<br \/>\n&#x2714;&#xfe0f; \u00c0 15 minutes d\u2019Annecy<br \/>\n&#x2714;&#xfe0f; Proche des randonn\u00e9es, du massif de la Tournette et des activit\u00e9s nautiques<\/p>\n<p>&#x1f6ce;&#xfe0f; \u00c9quipements &amp; services<\/p>\n<p>&#x2705; Parking gratuit<br \/>\n&#x2705; Wi-Fi<br \/>\n&#x2705; Cuisine \u00e9quip\u00e9e (four, micro-ondes, lave-vaisselle\u2026)<br \/>\n&#x2705; Machine \u00e0 caf\u00e9 capsules Nespresso Krups &#8211; bouilloire &#8211; grille-pain &#8211; r\u00e9chaud<br \/>\n\u00e0 fondue<br \/>\n&#x2705; Fer et table \u00e0 repasser, aspirateur.<br \/>\n&#x2705; Linge de maison fourni<br \/>\n&#x2705; M\u00e9nage de fin de s\u00e9jour inclus<\/p>\n<p>&#x1f514; Informations utiles<\/p>\n<p>&#x1f6ad; Logement non-fumeur<br \/>\n&#x1f43e; Les chiens sont bienvenues<br \/>\n&#x1f92b; Merci de respecter le calme apr\u00e8s 22h<br \/>\n&#x23f0; Assistance disponible jusqu\u2019\u00e0 20h<\/p>\n<p>&#x2728; Les Moulins sont l\u2019adresse id\u00e9ale pour un s\u00e9jour paisible, entre lac et montagnes, en couple, en famille ou entre amis.<br \/>\nUn lieu simple, \u00e9l\u00e9gant et lumineux, o\u00f9 l\u2019on vient pour ralentir\u2026 et profiter.<\/p>\n<\/div>\n<\/div>\n<\/div>\n<\/div>\n<\/div>\n<\/div>\n<\/div>\n<\/div>\n<\/div>\n<\/div>\n<\/div>\n<\/div>\n<div id=\"pg-21703-2\" class=\"panel-grid panel-no-style\" data-style=\"{&quot;background_image_attachment&quot;:false,&quot;background_display&quot;:&quot;tile&quot;,&quot;full_height&quot;:&quot;&quot;,&quot;bottom_margin&quot;:&quot;100px&quot;,&quot;cell_alignment&quot;:&quot;flex-start&quot;}\">\n<div id=\"pgc-21703-2-0\" class=\"panel-grid-cell\" data-weight=\"1\">\n<div id=\"panel-21703-2-0-0\" class=\"so-panel widget widget_sow-editor panel-first-child panel-last-child\" data-index=\"2\" data-style=\"{&quot;background_image_attachment&quot;:false,&quot;background_display&quot;:&quot;tile&quot;,&quot;background_image_size&quot;:&quot;full&quot;,&quot;background_image_opacity&quot;:&quot;100&quot;,&quot;border_thickness&quot;:&quot;1px&quot;}\">\n<div class=\"so-widget-sow-editor so-widget-sow-editor-base\">\n<h2 class=\"widget-title\">Disposition de votre location \u00e0 Menthon-Saint-Bernard<\/h2>\n<div class=\"siteorigin-widget-tinymce textwidget\">\n<div class=\"siteorigin-widget-tinymce textwidget\">\n<div class=\"siteorigin-widget-tinymce textwidget\">\n<div class=\"siteorigin-widget-tinymce textwidget\">\n<div class=\"siteorigin-widget-tinymce textwidget\">\n<div class=\"siteorigin-widget-tinymce textwidget\">\n<div class=\"siteorigin-widget-tinymce textwidget\">\n<div class=\"siteorigin-widget-tinymce textwidget\">\n<div class=\"siteorigin-widget-tinymce textwidget\">\n<div class=\"siteorigin-widget-tinymce textwidget\">\n<p>&#x1f31e; Un int\u00e9rieur ouvert, pens\u00e9 pour la d\u00e9tente<\/p>\n<p>L\u2019appartement offre une belle pi\u00e8ce de vie conviviale, avec :<\/p>\n<p>une cuisine enti\u00e8rement \u00e9quip\u00e9e ouverte sur le salon<\/p>\n<p>un espace salon confortable et lumineux<\/p>\n<p>un acc\u00e8s direct au balcon, pour profiter pleinement la vue des montagnes, le lac et le ch\u00e2teau<\/p>\n<p>Que ce soit pour un petit-d\u00e9jeuner face au sc\u00e8ne panoramique ou un moment de d\u00e9tente en fin de journ\u00e9e, le cadre est tout simplement apaisant &#x1f305;<\/p>\n<p>&#x1f6cf;&#xfe0f; Un espace nuit confortable et fonctionnel<\/p>\n<p>&#x1f6cc; Une chambre avec lit double, id\u00e9ale pour un couple<\/p>\n<p>&#x1f6cc; Une chambre avec deux lits simples (qui peut arranger comme une lit double), parfaite pour des enfants ou des amis<\/p>\n<p>&#x1f6bf; Une salle de bain moderne avec bac \u00e0 douche<\/p>\n<p>&#x1f6bb; Un WC ind\u00e9pendant, pour plus de confort<\/p>\n<p>L\u2019ensemble est pens\u00e9 pour accueillir jusqu\u2019\u00e0 4 voyageurs dans une atmosph\u00e8re calme et agr\u00e9able.<\/p>\n<p>&#x1f33f; Un balcon et une terrasse spacieuse pour profiter de l\u2019ext\u00e9rieur<\/p>\n<p>L\u2019appartement dispose d\u2019une grande terrasse, parfaite pour vos repas d\u2019\u00e9t\u00e9 ou vos soir\u00e9es en plein air, \u00e9quip\u00e9e d\u2019un barbecue \u00e0 gaz et les<br \/>\nmeubles de d\u00eener, &#x1f37d;&#xfe0f;&#x1f525;<\/p>\n<p>&#x1f539; \u00c0 noter : l\u2019acc\u00e8s \u00e0 l\u2019appartement au 2eme etage se fait en passant par un escalier, \u00e0 c\u00f4t\u00e9 de la terrasse, sans impact sur votre usage ou votre tranquillit\u00e9.<\/p>\n<\/div>\n<\/div>\n<\/div>\n<\/div>\n<\/div>\n<\/div>\n<\/div>\n<\/div>\n<\/div>\n<\/div>\n<\/div>\n<\/div>\n<\/div>\n<\/div>\n<div id=\"pg-21703-3\" class=\"panel-grid panel-no-style\" data-style=\"{&quot;background_image_attachment&quot;:false,&quot;background_display&quot;:&quot;tile&quot;,&quot;full_height&quot;:&quot;&quot;,&quot;bottom_margin&quot;:&quot;100px&quot;,&quot;cell_alignment&quot;:&quot;flex-start&quot;}\">\n<div id=\"pgc-21703-3-0\" class=\"panel-grid-cell\" data-weight=\"1\">\n<div id=\"panel-21703-3-0-0\" class=\"so-panel widget widget_swph-equipments panel-first-child panel-last-child\" data-index=\"3\" data-style=\"{&quot;background_image_attachment&quot;:false,&quot;background_display&quot;:&quot;tile&quot;,&quot;background_image_size&quot;:&quot;full&quot;,&quot;background_image_opacity&quot;:&quot;100&quot;,&quot;border_thickness&quot;:&quot;1px&quot;}\"><div\n\t\t\t\n\t\t\tclass=\"so-widget-swph-equipments so-widget-swph-equipments-base\"\n\t\t\t\n\t\t><div class=\"equipments\">\n    <h2 class=\"utilites-title\">Les \u00e9quipements de votre location aux moulins<\/h2>\n            <div class=\"row row-eq-height ml-0 mr-0 equipments-row\">\n                            <div class=\"col-md-12 pl-0 pr-0\">\n                    <div class=\"equipment\">\n                       <div class=\"equipment-list\"><img loading=\"lazy\" decoding=\"async\" width=\"16\" height=\"16\" src=\"https:\/\/annecylocation.com\/wp-content\/uploads\/2020\/12\/check.jpg\" class=\"equipment-icon\" alt=\"\" \/>Acc\u00e8s Internet par WIFI gratuit.<\/div>\n                    <\/div>\n                <\/div>\n                            <div class=\"col-md-12 pl-0 pr-0\">\n                    <div class=\"equipment\">\n                       <div class=\"equipment-list\"><img loading=\"lazy\" decoding=\"async\" width=\"16\" height=\"16\" src=\"https:\/\/annecylocation.com\/wp-content\/uploads\/2020\/12\/check.jpg\" class=\"equipment-icon\" alt=\"\" \/>Fer et table \u00e0 repasser, aspirateur.<\/div>\n                    <\/div>\n                <\/div>\n                            <div class=\"col-md-12 pl-0 pr-0\">\n                    <div class=\"equipment\">\n                       <div class=\"equipment-list\"><img loading=\"lazy\" decoding=\"async\" width=\"16\" height=\"16\" src=\"https:\/\/annecylocation.com\/wp-content\/uploads\/2020\/12\/check.jpg\" class=\"equipment-icon\" alt=\"\" \/>Machine \u00e0 caf\u00e9 capsules Nespresso Krups - bouilloire - grille-pain - r\u00e9chaud \u00e0 fondue - appareil \u00e0 raclette.<\/div>\n                    <\/div>\n                <\/div>\n                            <div class=\"col-md-12 pl-0 pr-0\">\n                    <div class=\"equipment\">\n                       <div class=\"equipment-list\"><img loading=\"lazy\" decoding=\"async\" width=\"16\" height=\"16\" src=\"https:\/\/annecylocation.com\/wp-content\/uploads\/2020\/12\/check.jpg\" class=\"equipment-icon\" alt=\"\" \/>Four - micro onde- lave vaisselle - frigo\/cong\u00e9lateur.<\/div>\n                    <\/div>\n                <\/div>\n                    <\/div>\n    \n<\/div><\/div><\/div>\n<\/div>\n<\/div>\n<div id=\"pg-21703-4\" class=\"panel-grid panel-no-style\" data-style=\"{&quot;background_image_attachment&quot;:false,&quot;background_display&quot;:&quot;tile&quot;,&quot;full_height&quot;:&quot;&quot;,&quot;bottom_margin&quot;:&quot;100px&quot;,&quot;cell_alignment&quot;:&quot;flex-start&quot;}\">\n<div id=\"pgc-21703-4-0\" class=\"panel-grid-cell\" data-weight=\"1\">\n<div id=\"panel-21703-4-0-0\" class=\"so-panel widget widget_swph-product-services panel-first-child panel-last-child\" data-index=\"4\" data-style=\"{&quot;background_image_attachment&quot;:false,&quot;background_display&quot;:&quot;tile&quot;}\"><div\n\t\t\t\n\t\t\tclass=\"so-widget-swph-product-services so-widget-swph-product-services-base\"\n\t\t\t\n\t\t><div class=\"product-services\">\n    \n    <h2 class=\"widget-title\"> Nos services de conciergerie \u00e0 Menthon Saint Bernard <\/h2>\n    <p class=\"widget-subtitle\">Les services annexes sur mesure propos\u00e9s sur mesure propos\u00e9s En tant que Conciergerie, haut de gamme. <\/p>\n\n        \n                \n                    \n                                    <div class=\"row row-eq-height ml-0 mr-0 product-services-row\">\n                        \n                    <div class=\"col-6 col-sm-4 col-md-4 pl-0 pr-0\">\n                        <div class=\"product-service\">\n                            <div class=\"product-service-icon\"><img loading=\"lazy\" decoding=\"async\" width=\"26\" height=\"26\" src=\"https:\/\/annecylocation.com\/wp-content\/uploads\/2020\/11\/blanchisserie.png\" class=\"attachment-full size-full\" alt=\"\" \/><\/div>\n                            <h3>Service de blanchisserie &amp; pressing<\/h3>\n                        <\/div>\n                    <\/div>\n        \n                                \n                                \n                        \n                    \n                        \n                    <div class=\"col-6 col-sm-4 col-md-4 pl-0 pr-0\">\n                        <div class=\"product-service\">\n                            <div class=\"product-service-icon\"><img loading=\"lazy\" decoding=\"async\" width=\"26\" height=\"26\" src=\"https:\/\/annecylocation.com\/wp-content\/uploads\/2020\/11\/check-in.png\" class=\"attachment-full size-full\" alt=\"\" \/><\/div>\n                            <h3>Check in &amp; check out<\/h3>\n                        <\/div>\n                    <\/div>\n        \n                                \n                                \n                        \n                    \n                        \n                    <div class=\"col-6 col-sm-4 col-md-4 pl-0 pr-0\">\n                        <div class=\"product-service\">\n                            <div class=\"product-service-icon\"><img loading=\"lazy\" decoding=\"async\" width=\"26\" height=\"26\" src=\"https:\/\/annecylocation.com\/wp-content\/uploads\/2020\/11\/menage.png\" class=\"attachment-full size-full\" alt=\"\" \/><\/div>\n                            <h3>M\u00e9nage<\/h3>\n                        <\/div>\n                    <\/div>\n        \n                                    <!--<\/div><div class=\"row row-eq-height ml-0 mr-0 product-services-row\">-->\n                                \n                                \n                        \n                    \n                        \n                    <div class=\"col-6 col-sm-4 col-md-4 pl-0 pr-0\">\n                        <div class=\"product-service\">\n                            <div class=\"product-service-icon\"><img loading=\"lazy\" decoding=\"async\" width=\"26\" height=\"26\" src=\"https:\/\/annecylocation.com\/wp-content\/uploads\/2020\/11\/time.png\" class=\"attachment-full size-full\" alt=\"\" \/><\/div>\n                            <h3>Accueil des locataires. Le propri\u00e9taire gagne du temps<\/h3>\n                        <\/div>\n                    <\/div>\n        \n                                \n                                \n                        \n                    \n                        \n                    <div class=\"col-6 col-sm-4 col-md-4 pl-0 pr-0\">\n                        <div class=\"product-service\">\n                            <div class=\"product-service-icon\"><img loading=\"lazy\" decoding=\"async\" width=\"26\" height=\"26\" src=\"https:\/\/annecylocation.com\/wp-content\/uploads\/2020\/11\/breakfasy.png\" class=\"attachment-full size-full\" alt=\"\" \/><\/div>\n                            <h3>Livraison du petit d\u00e9jeuner &amp; brunch \u00e0 domicile<\/h3>\n                        <\/div>\n                    <\/div>\n        \n                                \n                                \n                        \n                    \n                        \n                    <div class=\"col-6 col-sm-4 col-md-4 pl-0 pr-0\">\n                        <div class=\"product-service\">\n                            <div class=\"product-service-icon\"><img loading=\"lazy\" decoding=\"async\" width=\"26\" height=\"26\" src=\"https:\/\/annecylocation.com\/wp-content\/uploads\/2020\/11\/excursions.png\" class=\"attachment-full size-full\" alt=\"\" \/><\/div>\n                            <h3>Excursions et aventure<\/h3>\n                        <\/div>\n                    <\/div>\n        \n                                    <!--<\/div><div class=\"row row-eq-height ml-0 mr-0 product-services-row\">-->\n                                \n                                \n                        \n                    \n                        \n                    <div class=\"col-6 col-sm-4 col-md-4 pl-0 pr-0\">\n                        <div class=\"product-service\">\n                            <div class=\"product-service-icon\"><img loading=\"lazy\" decoding=\"async\" width=\"26\" height=\"26\" src=\"https:\/\/annecylocation.com\/wp-content\/uploads\/2020\/11\/bike.png\" class=\"attachment-full size-full\" alt=\"\" \/><\/div>\n                            <h3>Location de v\u00e9los et Ebikes<\/h3>\n                        <\/div>\n                    <\/div>\n        \n                                \n                                \n                        \n                    \n                        \n                    <div class=\"col-6 col-sm-4 col-md-4 pl-0 pr-0\">\n                        <div class=\"product-service\">\n                            <div class=\"product-service-icon\"><img loading=\"lazy\" decoding=\"async\" width=\"26\" height=\"26\" src=\"https:\/\/annecylocation.com\/wp-content\/uploads\/2020\/11\/coach.png\" class=\"attachment-full size-full\" alt=\"\" \/><\/div>\n                            <h3>Coach sportif<\/h3>\n                        <\/div>\n                    <\/div>\n        \n                                \n                                \n                        \n                    \n                        \n                    <div class=\"col-6 col-sm-4 col-md-4 pl-0 pr-0\">\n                        <div class=\"product-service\">\n                            <div class=\"product-service-icon\"><img loading=\"lazy\" decoding=\"async\" width=\"26\" height=\"26\" src=\"https:\/\/annecylocation.com\/wp-content\/uploads\/2020\/11\/car.png\" class=\"attachment-full size-full\" alt=\"\" \/><\/div>\n                            <h3>Chauffeur priv\u00e9<\/h3>\n                        <\/div>\n                    <\/div>\n        \n                                \n                                    <\/div>\n                                \n                        \n                \n    \n<\/div><\/div><\/div>\n<\/div>\n<\/div>\n<div id=\"pg-21703-5\" class=\"panel-grid panel-no-style\" data-style=\"{&quot;background_image_attachment&quot;:false,&quot;background_display&quot;:&quot;tile&quot;,&quot;full_height&quot;:&quot;&quot;,&quot;bottom_margin&quot;:&quot;100px&quot;,&quot;cell_alignment&quot;:&quot;flex-start&quot;}\">\n<div id=\"pgc-21703-5-0\" class=\"panel-grid-cell\" data-weight=\"1\">\n<div id=\"panel-21703-5-0-0\" class=\"so-panel widget widget_swph-map panel-first-child panel-last-child\" data-index=\"5\" data-style=\"{&quot;background_image_attachment&quot;:false,&quot;background_display&quot;:&quot;tile&quot;}\"><div\n\t\t\t\n\t\t\tclass=\"so-widget-swph-map so-widget-swph-map-base\"\n\t\t\t\n\t\t>                                                                                                                            <!-- <h2 class=\"widget-title\">O\u00f9 se trouve votre location<\/h2>\n -->\n<div class=\"map\" >\n    <h2 class=\"widget-title\">O\u00f9 se trouve votre location<\/h2>\n    <div class=\"map-container\" id=\"map\"><\/div>\n    <script async defer src=\"https:\/\/maps.googleapis.com\/maps\/api\/js?key=AIzaSyDqjatiOyC746ihXxbvOpQOpYVH_jWjvhY&callback=initMap&libraries=&v=beta&map_ids=617ec2058dce724c\"><\/script>\n    <!--<script async defer src=\"--><!--\/sandbox\/greg\/brc\/wp-content\/themes\/brc\/assets\/js\/richmarker.js\"><\/script>-->\n    \n    \n    <script>\n        \/\/ jQuery(document).ready(function () {\n            let map;\n\n            function initMap() {\n                map = new google.maps.Map(document.getElementById(\"map\"), {\n                    center: { lat: 45.85984990000001, lng: 6.1960241 },\n                    mapId: \"617ec2058dce724c\",\n                    zoom:12,\n                });\n\n                \/\/main marker\n                new google.maps.Marker({\n                    position: { lat: 45.85984990000001, lng: 6.1960241 },\n                    map,\n                    \/\/ title: \"1\",\n                    icon:'https:\/\/www.annecylocation.com\/wp-content\/themes\/brc\/assets\/images\/main-marker.png',\n                    \/\/ label: {\n                    \/\/     text: \"1\",\n                    \/\/     color: \"#ffffff\",\n                    \/\/     fontSize: \"8px\",\n                    \/\/     fontWeight: \"bold\"\n                    \/\/ }\n                });\n    \n                                                                                                                                                                                                                                                                                                                                                \n            }\n\n        \n        \/\/ });\n        \n    <\/script>\n\n<\/div><\/div><\/div>\n<\/div>\n<\/div>\n<div id=\"pg-21703-6\" class=\"panel-grid panel-no-style\" data-style=\"{&quot;background_image_attachment&quot;:false,&quot;background_display&quot;:&quot;tile&quot;,&quot;full_height&quot;:&quot;&quot;,&quot;cell_alignment&quot;:&quot;flex-start&quot;}\">\n<div id=\"pgc-21703-6-0\" class=\"panel-grid-cell\" data-weight=\"1\">\n<div id=\"panel-21703-6-0-0\" class=\"so-panel widget widget_swph-activities panel-first-child panel-last-child\" data-index=\"6\" data-style=\"{&quot;background_image_attachment&quot;:false,&quot;background_display&quot;:&quot;tile&quot;}\"><div\n\t\t\t\n\t\t\tclass=\"so-widget-swph-activities so-widget-swph-activities-base\"\n\t\t\t\n\t\t><div class=\"activities\">\n    <h2 class=\"widget-title\">Activit\u00e9s \u00e0 proximit\u00e9<\/h2>\n            <div class=\"row row-eq-height ml-0 mr-0 activities-row\">\n                            <div class=\"col-xs-6 col-md-6 pl-0 pr-0\">\n                    <div class=\"activity\">\n                        <div class=\"activity-flex\">\n                            <div class=\"activity-icon\"><img loading=\"lazy\" decoding=\"async\" width=\"59\" height=\"54\" src=\"https:\/\/annecylocation.com\/wp-content\/uploads\/2020\/11\/wakesurf.jpg\" class=\"activity-image\" alt=\"\" \/><\/div>\n                            <h3>Wakesurf<\/h3>\n                        <\/div>\n                    <\/div>\n                <\/div>\n                            <div class=\"col-xs-6 col-md-6 pl-0 pr-0\">\n                    <div class=\"activity\">\n                        <div class=\"activity-flex\">\n                            <div class=\"activity-icon\"><img loading=\"lazy\" decoding=\"async\" width=\"59\" height=\"54\" src=\"https:\/\/annecylocation.com\/wp-content\/uploads\/2020\/11\/parapante.jpg\" class=\"activity-image\" alt=\"\" \/><\/div>\n                            <h3>Parapente<\/h3>\n                        <\/div>\n                    <\/div>\n                <\/div>\n                            <div class=\"col-xs-6 col-md-6 pl-0 pr-0\">\n                    <div class=\"activity\">\n                        <div class=\"activity-flex\">\n                            <div class=\"activity-icon\"><img loading=\"lazy\" decoding=\"async\" width=\"59\" height=\"54\" src=\"https:\/\/annecylocation.com\/wp-content\/uploads\/2020\/11\/golf.jpg\" class=\"activity-image\" alt=\"\" \/><\/div>\n                            <h3>Golf<\/h3>\n                        <\/div>\n                    <\/div>\n                <\/div>\n                            <div class=\"col-xs-6 col-md-6 pl-0 pr-0\">\n                    <div class=\"activity\">\n                        <div class=\"activity-flex\">\n                            <div class=\"activity-icon\"><img loading=\"lazy\" decoding=\"async\" width=\"59\" height=\"54\" src=\"https:\/\/annecylocation.com\/wp-content\/uploads\/2020\/11\/accro-branche.jpg\" class=\"activity-image\" alt=\"\" \/><\/div>\n                            <h3>Accro branche<\/h3>\n                        <\/div>\n                    <\/div>\n                <\/div>\n                            <div class=\"col-xs-6 col-md-6 pl-0 pr-0\">\n                    <div class=\"activity\">\n                        <div class=\"activity-flex\">\n                            <div class=\"activity-icon\"><img loading=\"lazy\" decoding=\"async\" width=\"59\" height=\"54\" src=\"https:\/\/annecylocation.com\/wp-content\/uploads\/2020\/11\/tennis.jpg\" class=\"activity-image\" alt=\"\" \/><\/div>\n                            <h3>Tennis<\/h3>\n                        <\/div>\n                    <\/div>\n                <\/div>\n                            <div class=\"col-xs-6 col-md-6 pl-0 pr-0\">\n                    <div class=\"activity\">\n                        <div class=\"activity-flex\">\n                            <div class=\"activity-icon\"><img loading=\"lazy\" decoding=\"async\" width=\"59\" height=\"54\" src=\"https:\/\/annecylocation.com\/wp-content\/uploads\/2020\/11\/parapante.jpg\" class=\"activity-image\" alt=\"\" \/><\/div>\n                            <h3>Parapente<\/h3>\n                        <\/div>\n                    <\/div>\n                <\/div>\n                    <\/div>\n    \n<\/div><\/div><\/div>\n<\/div>\n<\/div>\n<\/div>\n","protected":false},"excerpt":{"rendered":"<p>Votre location d&#8217;appartement proche du centre du village \u00e0 Menthon Saint Bernard &#x1f30a; Reflets du Lac \u2013 T3 avec vue lac et montagnes \u00e0 Menthon-Saint-Bernard Bienvenue aux Moulins, au hameau historique a Menthon-st-Bernard Nous offrons un appartement T3 spacieux et lumineux, situ\u00e9 au 1er \u00e9tage d\u2019une petite copropri\u00e9t\u00e9 intimiste . Ici, chaque moment est rythm\u00e9 [&hellip;]<\/p>\n","protected":false},"featured_media":21704,"template":"","meta":[],"product_brand":[],"product_cat":[19],"product_tag":[],"class_list":{"0":"post-21703","1":"product","2":"type-product","3":"status-publish","4":"has-post-thumbnail","6":"product_cat-menthon-saint-bernard","8":"first","9":"instock","10":"virtual","11":"product-type-simple"},"yoast_head":"<!-- This site is optimized with the Yoast SEO plugin v26.2 - https:\/\/yoast.com\/wordpress\/plugins\/seo\/ -->\n<title>Reflets du lac<\/title>\n<meta name=\"description\" content=\"Vous recherchez une location proche du lac d&#039;Annecy ? Notre location de maison \u00e0 Menthon Saint Bernard r\u00e9pondra \u00e0 toutes vos attentes\" \/>\n<meta name=\"robots\" content=\"index, follow, max-snippet:-1, max-image-preview:large, max-video-preview:-1\" \/>\n<link rel=\"canonical\" href=\"https:\/\/annecylocation.com\/fr\/location\/menthon-saint-bernard\/reflets-du-lac-t3-vue-lac-a-menthon-st-bernard\/\" \/>\n<meta property=\"og:locale\" content=\"fr_FR\" \/>\n<meta property=\"og:type\" content=\"article\" \/>\n<meta property=\"og:title\" content=\"Reflets du lac\" \/>\n<meta property=\"og:description\" content=\"Vous recherchez une location proche du lac d&#039;Annecy ? Notre location de maison \u00e0 Menthon Saint Bernard r\u00e9pondra \u00e0 toutes vos attentes\" \/>\n<meta property=\"og:url\" content=\"https:\/\/annecylocation.com\/fr\/location\/menthon-saint-bernard\/reflets-du-lac-t3-vue-lac-a-menthon-st-bernard\/\" \/>\n<meta property=\"og:site_name\" content=\"AnnecyLocation\" \/>\n<meta property=\"article:modified_time\" content=\"2026-01-12T14:30:29+00:00\" \/>\n<meta property=\"og:image\" content=\"https:\/\/annecylocation.com\/wp-content\/uploads\/2026\/01\/42d088c7-7a40-4504-8d7e-d416ccd2cc30.jpg\" \/>\n\t<meta property=\"og:image:width\" content=\"1280\" \/>\n\t<meta property=\"og:image:height\" content=\"960\" \/>\n\t<meta property=\"og:image:type\" content=\"image\/jpeg\" \/>\n<meta name=\"twitter:card\" content=\"summary_large_image\" \/>\n<meta name=\"twitter:label1\" content=\"Dur\u00e9e de lecture estim\u00e9e\" \/>\n\t<meta name=\"twitter:data1\" content=\"3 minutes\" \/>\n<script type=\"application\/ld+json\" class=\"yoast-schema-graph\">{\"@context\":\"https:\/\/schema.org\",\"@graph\":[{\"@type\":\"WebPage\",\"@id\":\"https:\/\/annecylocation.com\/fr\/location\/menthon-saint-bernard\/reflets-du-lac-t3-vue-lac-a-menthon-st-bernard\/\",\"url\":\"https:\/\/annecylocation.com\/fr\/location\/menthon-saint-bernard\/reflets-du-lac-t3-vue-lac-a-menthon-st-bernard\/\",\"name\":\"Reflets du lac\",\"isPartOf\":{\"@id\":\"https:\/\/annecylocation.com\/#website\"},\"primaryImageOfPage\":{\"@id\":\"https:\/\/annecylocation.com\/fr\/location\/menthon-saint-bernard\/reflets-du-lac-t3-vue-lac-a-menthon-st-bernard\/#primaryimage\"},\"image\":{\"@id\":\"https:\/\/annecylocation.com\/fr\/location\/menthon-saint-bernard\/reflets-du-lac-t3-vue-lac-a-menthon-st-bernard\/#primaryimage\"},\"thumbnailUrl\":\"https:\/\/annecylocation.com\/wp-content\/uploads\/2026\/01\/42d088c7-7a40-4504-8d7e-d416ccd2cc30.jpg\",\"datePublished\":\"2026-01-08T12:50:44+00:00\",\"dateModified\":\"2026-01-12T14:30:29+00:00\",\"description\":\"Vous recherchez une location proche du lac d'Annecy ? Notre location de maison \u00e0 Menthon Saint Bernard r\u00e9pondra \u00e0 toutes vos attentes\",\"breadcrumb\":{\"@id\":\"https:\/\/annecylocation.com\/fr\/location\/menthon-saint-bernard\/reflets-du-lac-t3-vue-lac-a-menthon-st-bernard\/#breadcrumb\"},\"inLanguage\":\"fr-FR\",\"potentialAction\":[{\"@type\":\"ReadAction\",\"target\":[\"https:\/\/annecylocation.com\/fr\/location\/menthon-saint-bernard\/reflets-du-lac-t3-vue-lac-a-menthon-st-bernard\/\"]}]},{\"@type\":\"ImageObject\",\"inLanguage\":\"fr-FR\",\"@id\":\"https:\/\/annecylocation.com\/fr\/location\/menthon-saint-bernard\/reflets-du-lac-t3-vue-lac-a-menthon-st-bernard\/#primaryimage\",\"url\":\"https:\/\/annecylocation.com\/wp-content\/uploads\/2026\/01\/42d088c7-7a40-4504-8d7e-d416ccd2cc30.jpg\",\"contentUrl\":\"https:\/\/annecylocation.com\/wp-content\/uploads\/2026\/01\/42d088c7-7a40-4504-8d7e-d416ccd2cc30.jpg\",\"width\":1280,\"height\":960},{\"@type\":\"BreadcrumbList\",\"@id\":\"https:\/\/annecylocation.com\/fr\/location\/menthon-saint-bernard\/reflets-du-lac-t3-vue-lac-a-menthon-st-bernard\/#breadcrumb\",\"itemListElement\":[{\"@type\":\"ListItem\",\"position\":1,\"name\":\"Home\",\"item\":\"https:\/\/annecylocation.com\/fr\/\"},{\"@type\":\"ListItem\",\"position\":2,\"name\":\"Location\",\"item\":\"https:\/\/annecylocation.com\/fr\/location\/\"},{\"@type\":\"ListItem\",\"position\":3,\"name\":\"Reflets du lac &#8211; T3 Vue Lac \u00e0 Menthon-St-Bernard\"}]},{\"@type\":\"WebSite\",\"@id\":\"https:\/\/annecylocation.com\/#website\",\"url\":\"https:\/\/annecylocation.com\/\",\"name\":\"AnnecyLocation\",\"description\":\"Location airbnb et conciergerie \u00e0 Annecy\",\"publisher\":{\"@id\":\"https:\/\/annecylocation.com\/#organization\"},\"potentialAction\":[{\"@type\":\"SearchAction\",\"target\":{\"@type\":\"EntryPoint\",\"urlTemplate\":\"https:\/\/annecylocation.com\/?s={search_term_string}\"},\"query-input\":{\"@type\":\"PropertyValueSpecification\",\"valueRequired\":true,\"valueName\":\"search_term_string\"}}],\"inLanguage\":\"fr-FR\"},{\"@type\":\"Organization\",\"@id\":\"https:\/\/annecylocation.com\/#organization\",\"name\":\"AnnecyLocation\",\"url\":\"https:\/\/annecylocation.com\/\",\"logo\":{\"@type\":\"ImageObject\",\"inLanguage\":\"fr-FR\",\"@id\":\"https:\/\/annecylocation.com\/#\/schema\/logo\/image\/\",\"url\":\"https:\/\/annecylocation.com\/wp-content\/uploads\/2021\/06\/cropped-big-logo-annecylocation-large.png\",\"contentUrl\":\"https:\/\/annecylocation.com\/wp-content\/uploads\/2021\/06\/cropped-big-logo-annecylocation-large.png\",\"width\":512,\"height\":512,\"caption\":\"AnnecyLocation\"},\"image\":{\"@id\":\"https:\/\/annecylocation.com\/#\/schema\/logo\/image\/\"}}]}<\/script>\n<!-- \/ Yoast SEO plugin. -->","yoast_head_json":{"title":"Reflets du lac","description":"Vous recherchez une location proche du lac d'Annecy ? Notre location de maison \u00e0 Menthon Saint Bernard r\u00e9pondra \u00e0 toutes vos attentes","robots":{"index":"index","follow":"follow","max-snippet":"max-snippet:-1","max-image-preview":"max-image-preview:large","max-video-preview":"max-video-preview:-1"},"canonical":"https:\/\/annecylocation.com\/fr\/location\/menthon-saint-bernard\/reflets-du-lac-t3-vue-lac-a-menthon-st-bernard\/","og_locale":"fr_FR","og_type":"article","og_title":"Reflets du lac","og_description":"Vous recherchez une location proche du lac d'Annecy ? Notre location de maison \u00e0 Menthon Saint Bernard r\u00e9pondra \u00e0 toutes vos attentes","og_url":"https:\/\/annecylocation.com\/fr\/location\/menthon-saint-bernard\/reflets-du-lac-t3-vue-lac-a-menthon-st-bernard\/","og_site_name":"AnnecyLocation","article_modified_time":"2026-01-12T14:30:29+00:00","og_image":[{"width":1280,"height":960,"url":"https:\/\/annecylocation.com\/wp-content\/uploads\/2026\/01\/42d088c7-7a40-4504-8d7e-d416ccd2cc30.jpg","type":"image\/jpeg"}],"twitter_card":"summary_large_image","twitter_misc":{"Dur\u00e9e de lecture estim\u00e9e":"3 minutes"},"schema":{"@context":"https:\/\/schema.org","@graph":[{"@type":"WebPage","@id":"https:\/\/annecylocation.com\/fr\/location\/menthon-saint-bernard\/reflets-du-lac-t3-vue-lac-a-menthon-st-bernard\/","url":"https:\/\/annecylocation.com\/fr\/location\/menthon-saint-bernard\/reflets-du-lac-t3-vue-lac-a-menthon-st-bernard\/","name":"Reflets du lac","isPartOf":{"@id":"https:\/\/annecylocation.com\/#website"},"primaryImageOfPage":{"@id":"https:\/\/annecylocation.com\/fr\/location\/menthon-saint-bernard\/reflets-du-lac-t3-vue-lac-a-menthon-st-bernard\/#primaryimage"},"image":{"@id":"https:\/\/annecylocation.com\/fr\/location\/menthon-saint-bernard\/reflets-du-lac-t3-vue-lac-a-menthon-st-bernard\/#primaryimage"},"thumbnailUrl":"https:\/\/annecylocation.com\/wp-content\/uploads\/2026\/01\/42d088c7-7a40-4504-8d7e-d416ccd2cc30.jpg","datePublished":"2026-01-08T12:50:44+00:00","dateModified":"2026-01-12T14:30:29+00:00","description":"Vous recherchez une location proche du lac d'Annecy ? Notre location de maison \u00e0 Menthon Saint Bernard r\u00e9pondra \u00e0 toutes vos attentes","breadcrumb":{"@id":"https:\/\/annecylocation.com\/fr\/location\/menthon-saint-bernard\/reflets-du-lac-t3-vue-lac-a-menthon-st-bernard\/#breadcrumb"},"inLanguage":"fr-FR","potentialAction":[{"@type":"ReadAction","target":["https:\/\/annecylocation.com\/fr\/location\/menthon-saint-bernard\/reflets-du-lac-t3-vue-lac-a-menthon-st-bernard\/"]}]},{"@type":"ImageObject","inLanguage":"fr-FR","@id":"https:\/\/annecylocation.com\/fr\/location\/menthon-saint-bernard\/reflets-du-lac-t3-vue-lac-a-menthon-st-bernard\/#primaryimage","url":"https:\/\/annecylocation.com\/wp-content\/uploads\/2026\/01\/42d088c7-7a40-4504-8d7e-d416ccd2cc30.jpg","contentUrl":"https:\/\/annecylocation.com\/wp-content\/uploads\/2026\/01\/42d088c7-7a40-4504-8d7e-d416ccd2cc30.jpg","width":1280,"height":960},{"@type":"BreadcrumbList","@id":"https:\/\/annecylocation.com\/fr\/location\/menthon-saint-bernard\/reflets-du-lac-t3-vue-lac-a-menthon-st-bernard\/#breadcrumb","itemListElement":[{"@type":"ListItem","position":1,"name":"Home","item":"https:\/\/annecylocation.com\/fr\/"},{"@type":"ListItem","position":2,"name":"Location","item":"https:\/\/annecylocation.com\/fr\/location\/"},{"@type":"ListItem","position":3,"name":"Reflets du lac &#8211; T3 Vue Lac \u00e0 Menthon-St-Bernard"}]},{"@type":"WebSite","@id":"https:\/\/annecylocation.com\/#website","url":"https:\/\/annecylocation.com\/","name":"AnnecyLocation","description":"Location airbnb et conciergerie \u00e0 Annecy","publisher":{"@id":"https:\/\/annecylocation.com\/#organization"},"potentialAction":[{"@type":"SearchAction","target":{"@type":"EntryPoint","urlTemplate":"https:\/\/annecylocation.com\/?s={search_term_string}"},"query-input":{"@type":"PropertyValueSpecification","valueRequired":true,"valueName":"search_term_string"}}],"inLanguage":"fr-FR"},{"@type":"Organization","@id":"https:\/\/annecylocation.com\/#organization","name":"AnnecyLocation","url":"https:\/\/annecylocation.com\/","logo":{"@type":"ImageObject","inLanguage":"fr-FR","@id":"https:\/\/annecylocation.com\/#\/schema\/logo\/image\/","url":"https:\/\/annecylocation.com\/wp-content\/uploads\/2021\/06\/cropped-big-logo-annecylocation-large.png","contentUrl":"https:\/\/annecylocation.com\/wp-content\/uploads\/2021\/06\/cropped-big-logo-annecylocation-large.png","width":512,"height":512,"caption":"AnnecyLocation"},"image":{"@id":"https:\/\/annecylocation.com\/#\/schema\/logo\/image\/"}}]}},"_links":{"self":[{"href":"https:\/\/annecylocation.com\/fr\/wp-json\/wp\/v2\/product\/21703","targetHints":{"allow":["GET"]}}],"collection":[{"href":"https:\/\/annecylocation.com\/fr\/wp-json\/wp\/v2\/product"}],"about":[{"href":"https:\/\/annecylocation.com\/fr\/wp-json\/wp\/v2\/types\/product"}],"wp:featuredmedia":[{"embeddable":true,"href":"https:\/\/annecylocation.com\/fr\/wp-json\/wp\/v2\/media\/21704"}],"wp:attachment":[{"href":"https:\/\/annecylocation.com\/fr\/wp-json\/wp\/v2\/media?parent=21703"}],"wp:term":[{"taxonomy":"product_brand","embeddable":true,"href":"https:\/\/annecylocation.com\/fr\/wp-json\/wp\/v2\/product_brand?post=21703"},{"taxonomy":"product_cat","embeddable":true,"href":"https:\/\/annecylocation.com\/fr\/wp-json\/wp\/v2\/product_cat?post=21703"},{"taxonomy":"product_tag","embeddable":true,"href":"https:\/\/annecylocation.com\/fr\/wp-json\/wp\/v2\/product_tag?post=21703"}],"curies":[{"name":"wp","href":"https:\/\/api.w.org\/{rel}","templated":true}]}}